{"id":131,"date":"2020-10-28T17:37:50","date_gmt":"2020-10-28T17:37:50","guid":{"rendered":"https:\/\/www2.leparapente.ch\/?page_id=131"},"modified":"2026-03-20T18:14:53","modified_gmt":"2026-03-20T17:14:53","slug":"meteo","status":"publish","type":"page","link":"https:\/\/leparapente.ch\/index.php\/meteo\/","title":{"rendered":"Pour chaque vol, je m&rsquo;informe de l&rsquo;espace a\u00e9rien que j&rsquo;utilise&#8230; &#038; surtout, des pr\u00e9visions m\u00e9t\u00e9o&#8230; ;-)"},"content":{"rendered":"<p style=\"text-align: center;\"><strong>Derni\u00e8re mise \u00e0 jour janvier 2026, n&rsquo;h\u00e9site pas \u00e0 nous faire signe si un lien est \u00e0 refaire \ud83d\ude09<\/strong><\/p>\n<hr \/>\n<p style=\"text-align: center;\"><span style=\"color: #ff6600;\"><a href=\"https:\/\/www.leparapente.ch\/index.php\/sites-de-parapente-pres-de-chez-nous\/\"><span style=\"font-size: 18pt;\"><strong><span style=\"color: #ff00ff;\">SITES de VOLS<br \/>\ntableau des altitudes &amp; orientations du Jura<br \/>\n&gt;&gt; CLIC ICI &lt;&lt;<\/span><\/strong><\/span><\/a><\/span><\/p>\n<p style=\"text-align: center;\"><a href=\"https:\/\/play.google.com\/store\/apps\/details?id=com.burnair.burnairmap&amp;hl=en_US\" target=\"_blank\" rel=\"noopener\"><span style=\"font-size: 18pt;\"><strong>Pour avoir les vents en direct, dans la r\u00e9gion, et le reste de la Suisse, utilise BURNAIR sur ton SmartPhone<br \/>\n&gt;&gt; CLIC ICI &#8211; download Burnair&lt;&lt;<\/strong><\/span><\/a><\/p>\n<hr \/>\n<table class=\"table-condensed table-hover table-bordered table-striped\" border=\"0\">\n<tbody>\n<tr>\n<th style=\"vertical-align: top; text-align: center;\"><a href=\"https:\/\/www.skybriefing.com\/fr\/home\" target=\"_blank\" rel=\"noopener noreferrer\"><strong>DABS<br \/>\n<span style=\"color: #993300;\"><span style=\"color: #ff6600; font-size: 14pt;\">du jour<\/span> &#8211; <\/span><\/strong><span style=\"color: #993300;\">demain<\/span><\/a><\/th>\n<th style=\"vertical-align: top; text-align: center;\"><span style=\"color: #993300;\"><a style=\"color: #993300;\" href=\"http:\/\/map.geo.admin.ch\/?X=233700.00&amp;Y=581100.00&amp;zoom=3&amp;lang=fr&amp;topic=ech&amp;bgLayer=ch.swisstopo.pixelkarte-farbe&amp;layers=ch.bazl.segelflugkarte&amp;catalogNodes=687,702\" target=\"_blank\" rel=\"noopener noreferrer\">GLDC<br \/>\n<strong>Carte de vol \u00e0 voile<\/strong><\/a><\/span><\/th>\n<th style=\"vertical-align: top; text-align: center;\"><span style=\"color: #993300;\"><a style=\"color: #993300;\" href=\"\/index.php\/sites-de-parapente-pres-de-chez-\"><strong>Notre REGION<br \/>\nexpliqu\u00e9e<\/strong>&#8230;<\/a><\/span><\/th>\n<th style=\"vertical-align: top; text-align: center;\"><span style=\"color: #993300;\"><a style=\"color: #993300;\" href=\"https:\/\/www.skybriefing.com\/portal\/fr\/evfr-manual-gen\" target=\"_blank\" rel=\"noopener noreferrer\"><strong>VFR-GUIDE<br \/>\nRecueil VFR<\/strong><\/a><\/span><\/th>\n<\/tr>\n<tr>\n<td style=\"vertical-align: top; text-align: center;\"><span style=\"font-size: 12pt;\">Infos<\/span><br \/>\n<span style=\"font-size: 12pt;\">de l&rsquo;espace a\u00e9rien<\/span><br \/>\n<span style=\"font-size: 12pt;\">le jour de ton vol<\/span><\/td>\n<td style=\"vertical-align: top; text-align: center;\"><span style=\"font-size: 12pt;\">Zones de vols<\/span><br \/>\n<span style=\"font-size: 12pt;\">en Suisse en m\u00e8tres<\/span><\/td>\n<td style=\"vertical-align: top; text-align: center;\"><span style=\"font-size: 12pt;\"><span style=\"color: #993300;\"><strong>\u00c0 emporter avec toi<\/strong><\/span><span style=\"color: #993300;\"><strong> !<br \/>\n<\/strong><\/span><span style=\"color: #ff0000;\"><strong>d\u00e8s, 2018<br \/>\nESPACE G = 600 m<br \/>\nmais divis\u00e9 en<br \/>\n2&#215;300 m<br \/>\n<\/strong><\/span><\/span><\/td>\n<td style=\"vertical-align: top; text-align: center;\"><span style=\"font-size: 12pt;\">R\u00e8gles de vol \u00e0 vue<\/span><br \/>\n<span style=\"font-size: 12pt;\">pour tout ce qui vole<\/span><\/td>\n<\/tr>\n<tr>\n<td style=\"background-color: #ba1900; vertical-align: top;\"><a href=\"https:\/\/www.skybriefing.com\/fr\/home\" target=\"_blank\" rel=\"noopener noreferrer\"><img loading=\"lazy\" decoding=\"async\" src=\"https:\/\/www.leparapente.ch\/wp-content\/uploads\/2020\/10\/dabs2015-150x150-1.png\" alt=\"\" class=\"alignnone size-full wp-image-376 aligncenter\" width=\"150\" height=\"150\" \/><\/a><\/td>\n<td style=\"vertical-align: top; text-align: center;\"><a href=\"https:\/\/map.geo.admin.ch\/?X=233700.00&amp;Y=581100.00&amp;zoom=3&amp;lang=fr&amp;topic=ech&amp;bgLayer=ch.swisstopo.pixelkarte-farbe&amp;layers=ch.bazl.segelflugkarte&amp;catalogNodes=687,702\" target=\"_blank\" rel=\"noopener noreferrer\"><img loading=\"lazy\" decoding=\"async\" src=\"https:\/\/www.leparapente.ch\/wp-content\/uploads\/2020\/10\/gldc2015-150x150-1.jpg\" alt=\"\" class=\"alignnone size-full wp-image-378\" width=\"150\" height=\"150\" \/><br \/>\n<\/a><span style=\"color: #ff6600;\"><strong><a style=\"color: #ff6600;\" href=\"https:\/\/www.shv-fsvl.ch\/fr\/zones-de-vol-et-securite\/sites-de-vol\/espace-aerien\/\" target=\"_blank\" rel=\"noopener noreferrer\">BROCHURE<br \/>\nEspace<br \/>\na\u00e9rien FSVL<\/a><\/strong><\/span><\/td>\n<td style=\"background-color: #ff9100; text-align: center; vertical-align: top;\"><a href=\"https:\/\/www.leparapente.ch\/wp-content\/uploads\/2020\/10\/16-gldc-jura-052016.pdf\" target=\"_blank\" rel=\"noopener noreferrer\"><img loading=\"lazy\" decoding=\"async\" src=\"https:\/\/www.leparapente.ch\/wp-content\/uploads\/2020\/10\/16-gldc-jura-052016-213x300.png\" alt=\"\" class=\"alignnone wp-image-379\" width=\"168\" height=\"237\" srcset=\"https:\/\/leparapente.ch\/wp-content\/uploads\/2020\/10\/16-gldc-jura-052016-213x300.png 213w, https:\/\/leparapente.ch\/wp-content\/uploads\/2020\/10\/16-gldc-jura-052016.png 226w\" sizes=\"auto, (max-width: 168px) 100vw, 168px\" \/><\/a><\/td>\n<td style=\"vertical-align: top;\"><a href=\"https:\/\/www.skybriefing.com\/portal\/fr\/evfr-manual-gen\" target=\"_blank\" rel=\"noopener noreferrer\"><img loading=\"lazy\" decoding=\"async\" src=\"https:\/\/www.leparapente.ch\/wp-content\/uploads\/2020\/10\/vfr2015-150x150-1.jpg\" alt=\"\" class=\"alignnone size-full wp-image-380\" width=\"150\" height=\"150\" \/><\/a><\/td>\n<\/tr>\n<\/tbody>\n<\/table>\n<p>&nbsp;<\/p>\n<p style=\"text-align: center;\"><span style=\"font-size: 18pt; color: #ff6600;\"><strong>num\u00e9ro de la TMA de BALE \/ BASEL \/ MULHOUSE<\/strong><\/span><\/p>\n<p style=\"text-align: center;\"><span style=\"font-size: 18pt; color: #ff6600;\"><strong>061 325 34 67<\/strong><\/span><\/p>\n<hr \/>\n<p style=\"text-align: center;\"><strong><span style=\"font-size: 18pt;\"><span style=\"color: #ff6600;\">Trois conseils &#8211;<\/span><span style=\"font-size: 14pt; color: #993300;\"> pour voler sereinement<\/span><\/span><\/strong><\/p>\n<table class=\"table-condensed table-hover table-bordered table-striped\" border=\"0\">\n<tbody>\n<tr>\n<td style=\"vertical-align: top;\"><strong>1.<\/strong> Vole <strong>\u00e0 moins de 30 km\/h&#8230;<\/strong><\/td>\n<td style=\"vertical-align: top;\">&#8211;&gt; difficult\u00e9s au d\u00e9collage et risque de <strong>reculer<\/strong>&#8230;<\/td>\n<\/tr>\n<tr>\n<td style=\"vertical-align: top;\"><strong>2.<\/strong> Vole apr\u00e8s le <strong>Front Froid<\/strong>, mais pas avant&#8230;<strong><\/strong><\/td>\n<td style=\"vertical-align: top;\">&#8211;&gt; risque d&rsquo;orages et de vent <strong>violent<\/strong>&#8230;<\/td>\n<\/tr>\n<tr>\n<td style=\"vertical-align: top;\"><strong>3.<\/strong> <strong>Ne vole pas<\/strong> sous la pluie, ni la neige<strong><br \/>\n<\/strong><\/td>\n<td style=\"vertical-align: top;\">&#8211;&gt; risque de <strong>d\u00e9crochage<\/strong> des filets d&rsquo;air&#8230;<\/td>\n<\/tr>\n<\/tbody>\n<\/table>\n<hr \/>\n<p style=\"text-align: center;\"><span style=\"color: #ff00ff;\"><strong>\u26a0\ufe0f Chaque TEXTE ROSE,<br \/>\naffiche le site source<br \/>\nsi il est indiqu\u00e9 &gt;&gt; CLIC ICI &lt;&lt;<br \/>\nil faut cliquer pour voir l&rsquo;information<br \/>\nque tu cherches \u26a0\ufe0f<\/strong><\/span><\/p>\n<p style=\"text-align: center;\"><span style=\"color: #33cccc;\"><a href=\"https:\/\/www.landi.ch\/fr\/meteo\/niederschlagsradar\" target=\"_blank\" rel=\"noopener noreferrer\" style=\"color: #33cccc;\"><strong><span style=\"font-size: 18pt;\"><span style=\"color: #ff00ff;\">RADAR DE PLUIE &#8211; LANDI<br \/>\n&gt;&gt; CLIC ICI &lt;&lt;<\/span><\/span><\/strong><\/a><\/span><\/p>\n<p style=\"text-align: center;\"><a href=\"https:\/\/www.landi.ch\/fr\/meteo\/niederschlagsradar\" target=\"_blank\" rel=\"noopener\"><img loading=\"lazy\" decoding=\"async\" src=\"https:\/\/leparapente.ch\/wp-content\/uploads\/2022\/06\/radar_landi-150x150.png\" alt=\"\" class=\"alignnone wp-image-916 size-thumbnail\" width=\"150\" height=\"150\" srcset=\"https:\/\/leparapente.ch\/wp-content\/uploads\/2022\/06\/radar_landi-150x150.png 150w, https:\/\/leparapente.ch\/wp-content\/uploads\/2022\/06\/radar_landi-250x250.png 250w\" sizes=\"auto, (max-width: 150px) 100vw, 150px\" \/><\/a><\/p>\n<p style=\"text-align: center;\"><a href=\"https:\/\/www.meteosuisse.admin.ch\/home.html?tab=rain\" target=\"_blank\" rel=\"noopener\"><span style=\"font-size: 18pt; color: #ff00ff;\"><strong>RADAR DE PLUIE &#8211; METEOSUISSE<br \/>\n&gt;&gt; CLIC ICI &lt;&lt;<\/strong><\/span><\/a><\/p>\n<p style=\"text-align: center;\"><a href=\"https:\/\/www.meteosuisse.admin.ch\/home.html?tab=rain\" target=\"_blank\" rel=\"noopener\"><img loading=\"lazy\" decoding=\"async\" src=\"https:\/\/leparapente.ch\/wp-content\/uploads\/2022\/06\/radar_mch-150x150.png\" alt=\"\" class=\"aligncenter wp-image-917 size-thumbnail\" width=\"150\" height=\"150\" srcset=\"https:\/\/leparapente.ch\/wp-content\/uploads\/2022\/06\/radar_mch-150x150.png 150w, https:\/\/leparapente.ch\/wp-content\/uploads\/2022\/06\/radar_mch-250x250.png 250w\" sizes=\"auto, (max-width: 150px) 100vw, 150px\" \/><\/a><\/p>\n<hr \/>\n<p style=\"text-align: center;\"><span style=\"color: #ff6600; font-size: 18pt;\"><strong>WEBCAMs <span style=\"color: #993300;\">&amp; MESURES DU VENT<\/span><br \/>\n<\/strong><\/span><\/p>\n<hr \/>\n<p style=\"text-align: center;\"><span style=\"color: #ff6600;\"><strong>WebCam Jura : Les Ordons &#8211; Caquerelle &#8211; Saint-Ursanne &#8211; Bassecourt<\/strong><\/span><br \/>\n<span style=\"color: #800000;\"><strong>Mesures de Vent : Caquerelle &#8211; Loge de Soulce &#8211; Courfaivre<\/strong><\/span><\/p>\n<hr \/>\n<p style=\"text-align: center;\"><a href=\"https:\/\/juratourisme.roundshot.com\/lesordons\/\" target=\"_blank\" rel=\"noopener noreferrer\"><span style=\"font-size: 14pt;\"><strong><span style=\"color: #993300;\"><span style=\"color: #ff00ff;\">Vall\u00e9e de Del\u00e9mont, depuis l&rsquo;antenne des Ordons<\/span><\/span><\/strong><\/span><\/a><\/p>\n<p style=\"text-align: center;\"><a href=\"https:\/\/juratourisme.roundshot.com\/lesordons\/\" target=\"_blank\" rel=\"noopener noreferrer\"><img loading=\"lazy\" decoding=\"async\" class=\"alignnone wp-image-15341 alignnone\" src=\"https:\/\/backend.roundshot.com\/cams\/395dba9d37da273869dd7eeaa7ae82ee\/thumbnail\" alt=\"\" width=\"480\" height=\"360\" \/><\/a><\/p>\n<p style=\"text-align: center;\"><a href=\"http:\/\/juratourisme.roundshot.ch\/st-ursanne\" target=\"_blank\" rel=\"noopener\"><span style=\"color: #ff00ff;\"><strong><span style=\"font-size: 14pt;\">St-Ursanne direction le Sud<\/span><\/strong><\/span><\/a><br \/>\n<img decoding=\"async\" loading=\"lazy\" class=\"alignnone wp-image-15341 alignnone aligncenter\" src=\"http:\/\/backend.roundshot.com\/cams\/39\/default\" alt=\"\" width=\"480\" height=\"360\" \/><\/p>\n<hr \/>\n<p style=\"text-align: center;\"><strong><span style=\"color: #ff6600;\">VALLEE DE DELEMONT <span style=\"color: #993300;\">&amp; MOUTIER<\/span><\/span><\/strong><br \/>\n<span style=\"color: #ff6600;\">avec toute la Suisse \ud83d\ude42<\/span><br \/>\n<span style=\"color: #ff6600;\"><a href=\"https:\/\/www.burnair.cloud\/?layers=lz%2Cto%2Clp%2Cpz%2Cfp%2Cna%2Cle%2Cca%2Cvw%2Ccc%2Ctt%2Cpt%2Ctl%2Ctp%2Cpp%2Cmp%2Cw-ch-jb%2Cw-ch-wp%2Cw-ch-uw%2Cmw%2Cmf%2Cw-ch-wr%2Cmrr%2Ctodhv%2Clzp%2Cact&amp;visibility=off%2Coff%2Coff%2Coff%2Coff%2Coff%2Coff%2Coff%2Coff%2Coff%2Coff%2Coff%2Coff%2Coff%2Coff%2Coff%2Coff%2Coff%2Coff%2Con%2Con%2Coff%2Cauto%2Coff%2Coff%2Con&amp;base=bli#11\/47.2345\/7.2644\" target=\"_blank\" style=\"color: #ff6600;\" rel=\"noopener\"><span style=\"color: #993300;\">&gt;&gt; APP BURNAIR &lt;&lt;<\/span><\/a><\/span><br \/>\n<strong><span style=\"color: #ff6600;\">EN LIVE ICI DESSOUS<\/span><\/strong><\/p>\n<p style=\"text-align: center;\"><strong>si jamais, ZOOM et DEZOOM pour afficher les balises \ud83d\ude09<\/strong><\/p>\n<p><iframe loading=\"lazy\" width=\"800px\" height=\"500px\" style=\"border: 0px #ffffff none;\" src=\"https:\/\/www.burnair.cloud\/?layers=lz%2Cto%2Clp%2Cpz%2Cfp%2Cna%2Cle%2Cca%2Cvw%2Ccc%2Ctt%2Cpt%2Ctl%2Ctp%2Cpp%2Cmp%2Cw-ch-jb%2Cw-ch-wp%2Cw-ch-uw%2Cmw%2Cmf%2Cw-ch-wr%2Cmrr%2Ctodhv%2Clzp%2Cact&amp;visibility=off%2Coff%2Coff%2Coff%2Coff%2Coff%2Coff%2Coff%2Coff%2Coff%2Coff%2Coff%2Coff%2Coff%2Coff%2Coff%2Coff%2Coff%2Coff%2Con%2Con%2Coff%2Cauto%2Coff%2Coff%2Con&amp;base=bli#11\/47.2345\/7.2644\" name=\"myiFrame\" scrolling=\"no\" frameborder=\"1\" marginheight=\"0px\" marginwidth=\"0px\" allowfullscreen=\"allowfullscreen\"><\/iframe><\/p>\n<p>&nbsp;<\/p>\n<hr \/>\n<p style=\"text-align: center;\"><a href=\"https:\/\/www.srf.ch\/meteo\/surf-und-segelwetter\/diagramme-foehn-und-bise\" target=\"_blank\" rel=\"noopener noreferrer\"><span style=\"color: #ff6600;\"><strong><span style=\"font-size: 18pt;\"><span><span style=\"font-size: 14pt; color: #ff00ff;\">PREVISION DE BISE<\/span><\/span><\/span><\/strong><\/span><\/a><\/p>\n<p style=\"text-align: center;\"><img loading=\"lazy\" decoding=\"async\" src=\"https:\/\/www.srf.ch\/meteo\/static\/prognosetafeln\/wind\/BISENDIAGRAMM.jpg\" alt=\"\" width=\"600\" height=\"320\" border=\"0\" \/><br \/>\n<span style=\"color: #ff6600;\"><strong><span style=\"font-size: 18pt;\"><\/span><\/strong><\/span><\/p>\n<p style=\"text-align: center;\"><a href=\"https:\/\/www.srf.ch\/meteo\/surf-und-segelwetter\/diagramme-foehn-und-bise\" target=\"_blank\" rel=\"noopener noreferrer\"><span style=\"color: #ff00ff; font-size: 14pt;\"><strong>PREVISION DE FOEHN<\/strong><\/span><\/a><\/p>\n<p><img loading=\"lazy\" decoding=\"async\" src=\"https:\/\/www.srf.ch\/meteo\/static\/prognosetafeln\/wind\/FOEHNDIAGRAMM.jpg\" alt=\"\" width=\"600\" height=\"320\" border=\"0\" class=\"aligncenter\" \/><\/p>\n<hr \/>\n<p style=\"text-align: center;\"><a href=\"https:\/\/www.windguru.cz\/222026\" target=\"_blank\" rel=\"noopener noreferrer\"><span><strong><span style=\"font-size: 18pt; color: #ff00ff;\">WINDGURU CHASSERAL<br \/>\n&gt;&gt; CLIC ICI &lt;&lt;<\/span><\/strong><\/span><\/a><\/p>\n<p><a href=\"https:\/\/www.windguru.cz\/222026\" target=\"_blank\" rel=\"noopener noreferrer\"><img loading=\"lazy\" decoding=\"async\" src=\"https:\/\/www.leparapente.ch\/wp-content\/uploads\/2020\/11\/windguru.png\" alt=\"\" class=\"alignnone size-full wp-image-602 aligncenter\" width=\"300\" height=\"150\" \/><\/a><\/p>\n<hr \/>\n<p>&nbsp;<\/p>\n<p><a href=\"https:\/\/www.meteoprog.com\/de\/meteograms\/Delemont\/\"><img decoding=\"async\" src=\"https:\/\/www.meteoprog.com\/de\/meteograms\/imagev2\/Delemont\/6\/\" alt=\"St\u00fcndliches wetter f\u00fcr Del\u00e9mont \" class=\"aligncenter\" \/><\/a><\/p>\n<h2 style=\"text-align: center;\"><a href=\"https:\/\/weather.openportguide.de\/cgi-bin\/weather.pl\/weather.png?var=meteogram&amp;lang=en&amp;lat=47.364020&amp;lon=7.34453&amp;unit=metric&amp;position=deg&amp;nx=800&amp;ny=1000&amp;label=Delemont\" target=\"_blank\" rel=\"noopener\"><span style=\"color: #ff00ff;\">METEOGRAM DELEMONT &gt;&gt; CLIC ICI &lt;&lt;<\/span><\/a><\/h2>\n<p><a href=\"https:\/\/weather.openportguide.de\/cgi-bin\/weather.pl\/weather.png?var=meteogram&amp;lang=en&amp;lat=47.364020&amp;lon=7.34453&amp;unit=metric&amp;position=deg&amp;nx=800&amp;ny=1000&amp;label=Delemont\" target=\"_blank\" rel=\"noopener\"><img loading=\"lazy\" decoding=\"async\" src=\"https:\/\/leparapente.ch\/wp-content\/uploads\/2026\/01\/mgram_openportguide-236x300.png\" alt=\"\" width=\"236\" height=\"300\" class=\"alignnone wp-image-1153 size-medium aligncenter\" srcset=\"https:\/\/leparapente.ch\/wp-content\/uploads\/2026\/01\/mgram_openportguide-236x300.png 236w, https:\/\/leparapente.ch\/wp-content\/uploads\/2026\/01\/mgram_openportguide-805x1024.png 805w, https:\/\/leparapente.ch\/wp-content\/uploads\/2026\/01\/mgram_openportguide-768x976.png 768w, https:\/\/leparapente.ch\/wp-content\/uploads\/2026\/01\/mgram_openportguide.png 851w\" sizes=\"auto, (max-width: 236px) 100vw, 236px\" \/><\/a><\/p>\n<p><a href=\"http:\/\/wetterstationen.meteomedia.ch\/messnetz\/vorhersagegrafik\/066020.png?ver=1426421408\" target=\"_blank\" rel=\"noopener noreferrer\"><img loading=\"lazy\" decoding=\"async\" src=\"http:\/\/wetterstationen.meteomedia.ch\/messnetz\/vorhersagegrafik\/066020.png?ver=1426421408\" alt=\"\" width=\"100\" height=\"100\" class=\"aligncenter\" \/><\/a><\/p>\n<p style=\"text-align: center;\"><span style=\"font-size: 18pt; color: #ff6600;\"><strong>CARTES ISOBARES<\/strong><\/span><\/p>\n<p>&nbsp;<\/p>\n\n<!-- iframe plugin v.6.0 wordpress.org\/plugins\/iframe\/ -->\n<iframe loading=\"lazy\" src=\"https:\/\/www.koeln.de\/wetter\/qmet\/var\/Europa-600.jpg\" width=\"600\" height=\"600\" scrolling=\"yes\" class=\"iframe-class\" frameborder=\"0\"><\/iframe>\n\n<p>&nbsp;<\/p>\n<p style=\"text-align: center;\"><a href=\"https:\/\/www.meteosuisse.admin.ch\/#tab=forecast-map\" target=\"_blank\" rel=\"noopener\"><span style=\"color: #ff6600;\"><strong><span style=\"font-size: 18pt;\"><span><span style=\"font-size: 14pt; color: #ff00ff;\"><span style=\"font-size: 24pt;\">PREVISIONS METEO SUISSE &#8211; GENERALES ET LOCALES<br \/>\n&gt;&gt; CLIC ICI &lt;&lt;<\/span><\/span><\/span><\/span><\/strong><\/span><\/a><\/p>\n<p style=\"text-align: center;\">il faut cliquer pour voir les cartes de m\u00e9t\u00e9o Suisse<\/p>\n<p><a href=\"https:\/\/www.meteosuisse.admin.ch\/#tab=forecast-map\" target=\"_blank\" rel=\"noopener\"><img loading=\"lazy\" decoding=\"async\" src=\"https:\/\/leparapente.ch\/wp-content\/uploads\/2024\/05\/meteoch-300x214.png\" alt=\"\" width=\"300\" height=\"214\" class=\"alignnone wp-image-1020 size-medium aligncenter\" srcset=\"https:\/\/leparapente.ch\/wp-content\/uploads\/2024\/05\/meteoch-300x214.png 300w, https:\/\/leparapente.ch\/wp-content\/uploads\/2024\/05\/meteoch.png 498w\" sizes=\"auto, (max-width: 300px) 100vw, 300px\" \/><\/a><\/p>\n<p>&nbsp;<\/p>\n<hr \/>\n<p>&nbsp;<\/p>\n<p style=\"text-align: center;\"><strong><span style=\"color: #ff00ff;\"><a href=\"https:\/\/www.landi.ch\/fr\/meteo\/bulletin#regionid=G2659495\" target=\"_blank\" rel=\"noopener noreferrer\" style=\"color: #ff00ff;\"><span style=\"font-size: 18pt;\">PREVISION TEXTE LANDI METEO DES CHAMPS<br \/>\nsp\u00e9cifique au JURA<br \/>\n&gt;&gt; CLIC ICI &lt;&lt;<\/span><\/a><\/span><\/strong><\/p>\n<p><a href=\"https:\/\/www.landi.ch\/fr\/meteo\/bulletin#regionid=G2659495\" target=\"_blank\" rel=\"noopener\"><img loading=\"lazy\" decoding=\"async\" src=\"https:\/\/leparapente.ch\/wp-content\/uploads\/2024\/05\/landi-300x203.png\" alt=\"\" width=\"300\" height=\"203\" class=\"alignnone size-medium wp-image-1026 aligncenter\" srcset=\"https:\/\/leparapente.ch\/wp-content\/uploads\/2024\/05\/landi-300x203.png 300w, https:\/\/leparapente.ch\/wp-content\/uploads\/2024\/05\/landi.png 390w\" sizes=\"auto, (max-width: 300px) 100vw, 300px\" \/><\/a><\/p>\n<hr \/>\n<p style=\"text-align: center;\"><a href=\"https:\/\/www.meteosuisse.admin.ch\/home.html?tab=wind\" target=\"_blank\" rel=\"noopener noreferrer\"><span style=\"font-size: 14pt; color: #ff00ff;\"><strong><span style=\"font-size: 18pt;\">PREVISION METEO SUISSE &#8211; VENT<br \/>\n&gt;&gt; CLIC ICI &lt;&lt;<\/span><\/strong><\/span><\/a><\/p>\n<p style=\"text-align: center;\">il faut cliquer pour voir les animations du vent<\/p>\n<p style=\"text-align: center;\"><a href=\"https:\/\/www.meteosuisse.admin.ch\/home.html?tab=wind\" target=\"_blank\" rel=\"noopener\"><img loading=\"lazy\" decoding=\"async\" src=\"https:\/\/leparapente.ch\/wp-content\/uploads\/2024\/05\/meteochvent-300x209.png\" alt=\"\" width=\"300\" height=\"209\" class=\"alignnone size-medium wp-image-1028\" srcset=\"https:\/\/leparapente.ch\/wp-content\/uploads\/2024\/05\/meteochvent-300x209.png 300w, https:\/\/leparapente.ch\/wp-content\/uploads\/2024\/05\/meteochvent.png 749w\" sizes=\"auto, (max-width: 300px) 100vw, 300px\" \/><\/a><\/p>\n<hr \/>\n<p style=\"text-align: center;\"><span style=\"color: #ff00ff; font-size: 14pt;\"><strong><a href=\"https:\/\/www.meteoblue.com\/fr\/meteo\/cartes#coords=8.65\/47.1707\/7.3299&amp;map=windAnimation~coldwarm~auto~10%20m%20above%20gnd~none\" target=\"_blank\" style=\"color: #ff00ff;\" rel=\"noopener noreferrer\">VENT MeteoBlue \u2013 10 m sol &gt;&gt; CLIC ICI &lt;&lt;<\/a><\/strong><\/span><\/p>\n<p style=\"text-align: center;\"><span style=\"color: #ff00ff; font-size: 14pt;\"><strong><a href=\"https:\/\/www.meteoblue.com\/fr\/meteo\/cartes#coords=8.65\/47.1707\/7.3299&amp;map=windAnimation~coldwarm~auto~307%20m%20above%20gnd~none\" target=\"_blank\" style=\"color: #ff00ff;\" rel=\"noopener noreferrer\">VENT MeteoBlue \u2013 300m sol &gt;&gt; CLIC ICI &lt;&lt;<\/a><\/strong><\/span><\/p>\n<p style=\"text-align: center;\"><span><strong><a href=\"https:\/\/www.meteoblue.com\/fr\/meteo\/cartes#coords=8.65\/47.1707\/7.3299&amp;map=windAnimation~coldwarm~auto~850%20mb~none\" target=\"_blank\" rel=\"noopener noreferrer\"><span style=\"color: #ff00ff;\">VENT MeteoBlue \u2013 850hp=~ 1500m sol &gt;&gt; CLIC ICI&lt;&lt;<\/span><\/a><\/strong><\/span><\/p>\n<p style=\"text-align: center;\"><a href=\"https:\/\/www.meteoblue.com\/fr\/meteo\/cartes#coords=8.65\/47.1707\/7.3299&amp;map=windAnimation~coldwarm~auto~307%20m%20above%20gnd~none\" target=\"_blank\" rel=\"noopener\"><img loading=\"lazy\" decoding=\"async\" src=\"https:\/\/leparapente.ch\/wp-content\/uploads\/2024\/05\/meteobluevent-300x174.png\" alt=\"\" width=\"300\" height=\"174\" class=\"alignnone size-medium wp-image-1031\" srcset=\"https:\/\/leparapente.ch\/wp-content\/uploads\/2024\/05\/meteobluevent-300x174.png 300w, https:\/\/leparapente.ch\/wp-content\/uploads\/2024\/05\/meteobluevent-768x444.png 768w, https:\/\/leparapente.ch\/wp-content\/uploads\/2024\/05\/meteobluevent.png 942w\" sizes=\"auto, (max-width: 300px) 100vw, 300px\" \/><\/a><\/p>\n<hr \/>\n<p style=\"text-align: center;\"><span style=\"font-size: 18pt; color: #ff6600;\"><strong>RADARS CH &amp; EUROPE<\/strong><\/span><a href=\"https:\/\/www.landi.ch\/fr\/meteo\/radar-pluie\" target=\"_blank\" rel=\"noopener noreferrer\"><span style=\"color: #ff00ff;\"><strong><\/strong><\/span><\/a><\/p>\n<p style=\"text-align: center;\"><span><a href=\"https:\/\/www.landi.ch\/fr\/meteo\/niederschlagsradar\" target=\"_blank\" rel=\"noopener noreferrer\"><strong><span style=\"color: #ff00ff;\"><span style=\"font-size: 18pt;\">RADAR DE PLUIE &#8211; LANDI<br \/>\n&gt;&gt; CLIC ICI &lt;&lt;<\/span><\/span><\/strong><\/a><\/span><\/p>\n<p style=\"text-align: center;\"><a href=\"https:\/\/www.landi.ch\/fr\/meteo\/niederschlagsradar\" target=\"_blank\" rel=\"noopener\"><img loading=\"lazy\" decoding=\"async\" src=\"https:\/\/leparapente.ch\/wp-content\/uploads\/2022\/06\/radar_landi-150x150.png\" alt=\"\" class=\"alignnone wp-image-916 size-thumbnail\" width=\"150\" height=\"150\" srcset=\"https:\/\/leparapente.ch\/wp-content\/uploads\/2022\/06\/radar_landi-150x150.png 150w, https:\/\/leparapente.ch\/wp-content\/uploads\/2022\/06\/radar_landi-250x250.png 250w\" sizes=\"auto, (max-width: 150px) 100vw, 150px\" \/><\/a><\/p>\n<p style=\"text-align: center;\"><a href=\"https:\/\/www.meteosuisse.admin.ch\/services-et-publications\/applications\/precipitations.html\" target=\"_blank\" rel=\"noopener noreferrer\"><span><strong><span style=\"color: #ff00ff;\"><span style=\"font-size: 18pt;\">RADAR DE PLUIE &#8211; METEOSUISSE<br \/>\n&gt;&gt; CLIC ICI &lt;&lt;<\/span><\/span><\/strong><\/span><\/a><\/p>\n<p style=\"text-align: center;\"><a href=\"https:\/\/www.meteosuisse.admin.ch\/services-et-publications\/applications\/precipitations.html\" target=\"_blank\" rel=\"noopener\"><img loading=\"lazy\" decoding=\"async\" src=\"https:\/\/leparapente.ch\/wp-content\/uploads\/2024\/05\/meteochradar-300x214.png\" alt=\"\" width=\"200\" height=\"114\" class=\"alignnone size-medium wp-image-1036 aligncenter\" \/><\/a><\/p>\n<p style=\"text-align: center;\"><span style=\"font-size: 24pt; color: #ff6600;\"><strong>RADAR EUROPE EN DIRECT<\/strong><\/span><\/p>\n<p style=\"text-align: center;\"><a href=\"https:\/\/www.meteosuisse.admin.ch\/services-et-publications\/applications\/precipitations.html\" target=\"_blank\" rel=\"noopener\"><br \/>\n<\/a><br \/>\n<img loading=\"lazy\" decoding=\"async\" src=\"https:\/\/www.meteo60.fr\/radars\/animation-radar-france-simple.gif\" alt=\"\" width=\"300\" height=\"250\" border=\"0\" class=\"aligncenter\" \/><\/p>\n<p><img loading=\"lazy\" decoding=\"async\" src=\"https:\/\/www.meteo60.fr\/satellites\/animation-satellite-ir-france.gif\" alt=\"\" width=\"300\" height=\"280\" border=\"0\" class=\"aligncenter\" \/><\/p>\n<hr \/>\n<p style=\"text-align: center;\"><span style=\"font-size: 18pt; color: #ff6600;\"><strong>PREVISIONS CHAUX-DE-FONDS<\/strong><\/span><br \/>\n<span style=\"font-size: 18pt; color: #ff6600;\"><strong>LSGC EPLATURES \u2013 METAR + TAF<\/strong><\/span><br \/>\n<span style=\"font-size: 10pt;\"><\/span><\/p>\n<p style=\"text-align: center;\"><span style=\"font-size: 10pt;\"><strong>METAR<\/strong> = observations actuelles<\/span><br \/>\n<span style=\"font-size: 10pt;\"><strong>TAF<\/strong> = Pr\u00e9visions Eplatures<\/span><\/p>\n<p style=\"text-align: center;\"><a href=\"https:\/\/www.euroairport.com\/fr\/euroairport\/environnement\/mouvements\/explications-metar.html\" target=\"_blank\" rel=\"noopener noreferrer\"><span style=\"font-size: 12pt; color: #ff00ff;\">COMPRENDRE LES \u00ab CODES \u00bb TAF, METAR&#8230;.<\/span><\/a><\/p>\n<p style=\"text-align: center;\">\n<!-- iframe plugin v.6.0 wordpress.org\/plugins\/iframe\/ -->\n<iframe loading=\"lazy\" src=\"https:\/\/fr.allmetsat.com\/metar-taf\/suisse-italie-nord.php?icao=LSGC\" width=\"600\" height=\"1200\" scrolling=\"yes\" class=\"iframe-class\" frameborder=\"0\"><\/iframe>\n<\/p>\n<hr \/>\n<p style=\"text-align: center;\"><span style=\"font-size: 18pt; color: #ff6600;\"><strong>PREVISION GRATUITE THERMIQUE<br \/>\nPAR LOCALITE &#8211; SOARINGMETEO<\/strong><\/span><\/p>\n<p style=\"text-align: center;\">\n<!-- iframe plugin v.6.0 wordpress.org\/plugins\/iframe\/ -->\n<iframe loading=\"lazy\" src=\"https:\/\/soaringmeteo.org\/soarWRF2K0612Z.html?lang=fr\" width=\"600\" height=\"600\" scrolling=\"yes\" class=\"iframe-class\" frameborder=\"0\"><\/iframe>\n<\/p>\n<hr \/>\n<p>&nbsp;<\/p>\n<p style=\"text-align: center;\"><span style=\"color: #ff00ff;\"><a href=\"https:\/\/www.windfinder.com\/forecast\/la_caquerelle_boecourt?utm_content=title&amp;utm_source=forecast&amp;utm_medium=web&amp;utm_campaign=homepageweather&amp;utm_term=leparapente.ch\" target=\"_blank\" style=\"color: #ff00ff;\" rel=\"noopener\"><span style=\"font-size: 18pt;\"><strong>BOECOURT &#8211; LA CAQUERELLE<br \/>\nWiNDFINDER<br \/>\n&gt;&gt; CLIC ICI &lt;&lt;<\/strong><\/span><\/a><\/span><\/p>\n<p><a href=\"https:\/\/www.windfinder.com\/forecast\/la_caquerelle_boecourt?utm_content=title&amp;utm_source=forecast&amp;utm_medium=web&amp;utm_campaign=homepageweather&amp;utm_term=leparapente.ch\" target=\"_blank\" rel=\"noopener\"><img loading=\"lazy\" decoding=\"async\" src=\"https:\/\/leparapente.ch\/wp-content\/uploads\/2024\/05\/windfinder-300x242.png\" alt=\"\" width=\"300\" height=\"242\" class=\"aligncenter wp-image-1077 size-medium\" srcset=\"https:\/\/leparapente.ch\/wp-content\/uploads\/2024\/05\/windfinder-300x242.png 300w, https:\/\/leparapente.ch\/wp-content\/uploads\/2024\/05\/windfinder-1024x826.png 1024w, https:\/\/leparapente.ch\/wp-content\/uploads\/2024\/05\/windfinder-768x619.png 768w, https:\/\/leparapente.ch\/wp-content\/uploads\/2024\/05\/windfinder.png 1033w\" sizes=\"auto, (max-width: 300px) 100vw, 300px\" \/><\/a><\/p>\n<p style=\"text-align: center;\"><span style=\"color: #ff00ff;\"><a href=\"http:\/\/www.xcmeteo.net\/\" target=\"_blank\" style=\"color: #ff00ff;\" rel=\"noopener\"><span style=\"font-size: 18pt;\"><strong><br \/>\nPr\u00e9vision \u00e0 4 jours \u00e9magramme <\/strong><\/span><\/a><\/span><\/p>\n<p style=\"text-align: center;\"><a href=\"http:\/\/www.xcmeteo.net\/\" target=\"_blank\" rel=\"noopener noreferrer\"><strong><span style=\"color: #ff00ff;\">&gt;&gt; CLIC ICI &lt;&lt; et tape\u00a0<\/span><\/strong><strong><span style=\"color: #ff00ff;\"> DELEMONT <\/span><\/strong><\/a><\/p>\n<p><a href=\"http:\/\/www.xcmeteo.net\/\" target=\"_blank\" rel=\"noopener noreferrer\"><img loading=\"lazy\" decoding=\"async\" src=\"https:\/\/leparapente.ch\/wp-content\/uploads\/2020\/11\/emagramme-300x148.png\" alt=\"\" class=\"alignnone wp-image-571 size-medium aligncenter\" width=\"300\" height=\"148\" srcset=\"https:\/\/leparapente.ch\/wp-content\/uploads\/2020\/11\/emagramme-300x148.png 300w, https:\/\/leparapente.ch\/wp-content\/uploads\/2020\/11\/emagramme.png 341w\" sizes=\"auto, (max-width: 300px) 100vw, 300px\" \/><\/a><\/p>\n<p style=\"text-align: center;\"><a href=\"http:\/\/www.xcmeteo.net\/\" target=\"_blank\" rel=\"noopener\"><span style=\"color: #ff6600;\"><span style=\"font-size: 18pt;\"><strong><span style=\"color: #ff00ff;\">CARTE SUISSE <\/span><\/strong><\/span><\/span><span style=\"font-size: 18pt; color: #ff00ff;\"><strong>des emplacements thermiques<br \/>\n&gt;&gt; CLIC ICI&lt;&lt;<\/strong><\/span><\/a><\/p>\n<p><a href=\"https:\/\/thermal.kk7.ch\/\" target=\"_blank\" rel=\"noopener noreferrer\"><img loading=\"lazy\" decoding=\"async\" src=\"https:\/\/www.leparapente.ch\/wp-content\/uploads\/2020\/11\/thermal-300x230.png\" alt=\"\" class=\"alignnone wp-image-573 aligncenter\" width=\"121\" height=\"93\" srcset=\"https:\/\/leparapente.ch\/wp-content\/uploads\/2020\/11\/thermal-300x230.png 300w, https:\/\/leparapente.ch\/wp-content\/uploads\/2020\/11\/thermal.png 350w\" sizes=\"auto, (max-width: 121px) 100vw, 121px\" \/><\/a><\/p>\n<hr \/>\n<p style=\"text-align: center;\"><span style=\"font-size: 18pt; color: #ff6600;\"><strong>VISION A MOYEN TERME<\/strong><\/span><\/p>\n<p><img loading=\"lazy\" decoding=\"async\" src=\"https:\/\/my.meteoblue.com\/visimage\/meteogram_web_hd?look=KILOMETER_PER_HOUR%2CCELSIUS%2CMILLIMETER&amp;apikey=5838a18e295d&amp;temperature=C&amp;windspeed=kmh&amp;precipitationamount=mm&amp;winddirection=3char&amp;city=Del%C3%A9mont&amp;iso2=ch&amp;lat=47.364899&amp;lon=7.344530&amp;asl=432&amp;tz=Europe%2FZurich&amp;lang=fr&amp;sig=9171d9c4287f8c15e22c54868ac6b3ef\" alt=\"\" width=\"600\" height=\"600\" class=\"aligncenter\" \/><\/p>\n<hr \/>\n<p>&nbsp;<\/p>\n<p style=\"text-align: center;\"><span style=\"color: #ff00ff;\"><a href=\"https:\/\/www.meteoblue.com\/fr\/meteo\/prevision\/multimodelensemble\/les-rangiers_suisse_9253271\" target=\"_blank\" style=\"color: #ff00ff;\" rel=\"noopener\"><span style=\"font-size: 18pt;\"><strong>Multimodel ENSEMBLE 7 JOURS<br \/>\nLES RANGIERS<br \/>\n&gt;&gt; CLIC ICI&lt;&lt;<\/strong><\/span><\/a><\/span><\/p>\n<p><a href=\"https:\/\/www.meteoblue.com\/fr\/meteo\/prevision\/multimodelensemble\/les-rangiers_suisse_9253271\" target=\"_blank\" rel=\"noopener\"><img loading=\"lazy\" decoding=\"async\" src=\"https:\/\/leparapente.ch\/wp-content\/uploads\/2024\/05\/meteoblueensemble7j-225x300.png\" alt=\"\" width=\"225\" height=\"300\" class=\"size-medium wp-image-1045 aligncenter\" srcset=\"https:\/\/leparapente.ch\/wp-content\/uploads\/2024\/05\/meteoblueensemble7j-225x300.png 225w, https:\/\/leparapente.ch\/wp-content\/uploads\/2024\/05\/meteoblueensemble7j.png 582w\" sizes=\"auto, (max-width: 225px) 100vw, 225px\" \/><\/a><\/p>\n<hr \/>\n<p style=\"text-align: center;\"><span style=\"font-size: 18pt; color: #ff6600;\"><strong><a href=\"http:\/\/LAMETEO.ORG\" target=\"_blank\" rel=\"noopener\">LAMETEO.ORG<\/a><br \/>\n<\/strong><\/span><span><strong><span style=\"font-size: 18pt; color: #ff6600;\">METTEZ les dates dans l&rsquo;ordre \ud83d\ude09<\/span><br \/>\n<\/strong><\/span><\/p>\n<p style=\"text-align: center;\"><img loading=\"lazy\" decoding=\"async\" src=\"http:\/\/www.lameteo.org\/images\/previsions\/J1mini.png\" alt=\"\" class=\"aligncenter\" width=\"300\" height=\"400\" \/><br \/>\n<img loading=\"lazy\" decoding=\"async\" src=\"http:\/\/www.lameteo.org\/images\/previsions\/lundi.png\" alt=\"\" width=\"250\" height=\"275\" \/> <img loading=\"lazy\" decoding=\"async\" src=\"http:\/\/www.lameteo.org\/images\/previsions\/mardi.png\" alt=\"\" width=\"250\" height=\"275\" \/><\/p>\n<p style=\"text-align: center;\"><img loading=\"lazy\" decoding=\"async\" src=\"http:\/\/www.lameteo.org\/images\/previsions\/mercredi.png\" alt=\"\" width=\"250\" height=\"275\" \/> <img loading=\"lazy\" decoding=\"async\" src=\"http:\/\/www.lameteo.org\/images\/previsions\/mercredi.png\" alt=\"\" width=\"250\" height=\"275\" \/><\/p>\n<p style=\"text-align: center;\"><img loading=\"lazy\" decoding=\"async\" src=\"http:\/\/www.lameteo.org\/images\/previsions\/jeudi.png\" alt=\"\" width=\"250\" height=\"275\" \/> <img loading=\"lazy\" decoding=\"async\" src=\"http:\/\/www.lameteo.org\/images\/previsions\/vendredi.png\" alt=\"\" width=\"250\" height=\"275\" \/><\/p>\n<p style=\"text-align: center;\"><img loading=\"lazy\" decoding=\"async\" src=\"http:\/\/www.lameteo.org\/images\/previsions\/samedi.png\" alt=\"\" width=\"250\" height=\"275\" \/> <img loading=\"lazy\" decoding=\"async\" src=\"http:\/\/www.lameteo.org\/images\/previsions\/dimanche.png\" alt=\"\" width=\"250\" height=\"25\" \/><\/p>\n<p>&nbsp;<\/p>\n<p><img loading=\"lazy\" decoding=\"async\" src=\"http:\/\/www.lameteo.org\/images\/previsions\/J8.png\" alt=\"\" width=\"400\" height=\"500\" class=\"aligncenter\" \/><\/p>\n<p><img loading=\"lazy\" decoding=\"async\" src=\"http:\/\/www.lameteo.org\/images\/previsions\/J9.png\" alt=\"\" width=\"400\" height=\"500\" class=\"aligncenter\" \/><\/p>\n<p style=\"text-align: center;\"><a href=\"https:\/\/www.wetterzentrale.de\/maps\/GFSPANELOPEU00_1.png\" target=\"_blank\" rel=\"noopener\"><span style=\"font-size: 18pt; color: #ff6600;\"><strong>WETTERZENTRALE.DE<\/strong><\/span><\/a><\/p>\n<p style=\"text-align: center;\"><a href=\"https:\/\/www.wetterzentrale.de\/maps\/GFSPANELOPEU00_1.png\" target=\"_blank\" rel=\"noopener\"><img loading=\"lazy\" decoding=\"async\" src=\"https:\/\/www.wetterzentrale.de\/maps\/GFSPANELOPEU00_1.png\" alt=\"\" width=\"600\" height=\"600\" border=\"0\" \/><\/a><\/p>\n<p style=\"text-align: center;\"><span style=\"font-size: 18pt; color: #ff6600;\"><strong>Webcams<\/strong><\/span><\/p>\n<p style=\"text-align: center;\"><span style=\"color: #993300;\">D\u00e9collage de Mont Soleil<\/span><\/p>\n<p><img decoding=\"async\" loading=\"lazy\" src=\"http:\/\/84.253.0.109:60001\/axis-cgi\/mjpg\/video.cgi?resolution=480x360&amp;dummy=1423128491963\" class=\"alignnone aligncenter\" width=\"480\" height=\"360\" alt=\"\" \/><\/p>\n<p style=\"text-align: center;\"><span style=\"color: #993300;\">Montagne de Grange<\/span><\/p>\n<p><img decoding=\"async\" loading=\"lazy\" src=\"https:\/\/i1.wp.com\/www.swg.ch\/swgwebcam\/aktuell640.jpg?resize=640%2C480\" class=\"size-full aligncenter\" data-recalc-dims=\"1\" width=\"480\" height=\"360\" \/><\/p>\n","protected":false},"excerpt":{"rendered":"<p>Derni\u00e8re mise \u00e0 jour janvier 2026, n&rsquo;h\u00e9site pas \u00e0 nous faire signe si un lien est \u00e0 refaire \ud83d\ude09 SITES de VOLS tableau des altitudes &amp; orientations du Jura &gt;&gt; CLIC ICI &lt;&lt; Pour avoir les vents en direct, dans la r\u00e9gion, et le reste de la Suisse, utilise BURNAIR [&hellip;]<\/p>\n","protected":false},"author":1,"featured_media":389,"parent":0,"menu_order":0,"comment_status":"closed","ping_status":"closed","template":"","meta":{"footnotes":""},"class_list":["post-131","page","type-page","status-publish","has-post-thumbnail","hentry"],"_links":{"self":[{"href":"https:\/\/leparapente.ch\/index.php\/wp-json\/wp\/v2\/pages\/131","targetHints":{"allow":["GET"]}}],"collection":[{"href":"https:\/\/leparapente.ch\/index.php\/wp-json\/wp\/v2\/pages"}],"about":[{"href":"https:\/\/leparapente.ch\/index.php\/wp-json\/wp\/v2\/types\/page"}],"author":[{"embeddable":true,"href":"https:\/\/leparapente.ch\/index.php\/wp-json\/wp\/v2\/users\/1"}],"replies":[{"embeddable":true,"href":"https:\/\/leparapente.ch\/index.php\/wp-json\/wp\/v2\/comments?post=131"}],"version-history":[{"count":252,"href":"https:\/\/leparapente.ch\/index.php\/wp-json\/wp\/v2\/pages\/131\/revisions"}],"predecessor-version":[{"id":1162,"href":"https:\/\/leparapente.ch\/index.php\/wp-json\/wp\/v2\/pages\/131\/revisions\/1162"}],"wp:featuredmedia":[{"embeddable":true,"href":"https:\/\/leparapente.ch\/index.php\/wp-json\/wp\/v2\/media\/389"}],"wp:attachment":[{"href":"https:\/\/leparapente.ch\/index.php\/wp-json\/wp\/v2\/media?parent=131"}],"curies":[{"name":"wp","href":"https:\/\/api.w.org\/{rel}","templated":true}]}}