{"id":189,"date":"2020-10-29T13:45:54","date_gmt":"2020-10-29T13:45:54","guid":{"rendered":"https:\/\/www2.leparapente.ch\/?page_id=189"},"modified":"2025-04-16T07:08:45","modified_gmt":"2025-04-16T05:08:45","slug":"apprendre-a-voler","status":"publish","type":"page","link":"https:\/\/leparapente.ch\/index.php\/apprendre-a-voler\/","title":{"rendered":"Apprendre \u00e0 voler"},"content":{"rendered":"<p style=\"text-align: center;\"><span style=\"color: #ff0000;\"><strong>2025, pour l&rsquo;instant, nous ne pourrons\u00a0 pas faire d&rsquo;\u00e9colage, h\u00e9las !<\/strong><\/span><\/p>\n<p style=\"text-align: center;\">si jamais, on r\u00e9pond aux emails \ud83d\ude09<span style=\"color: #ff0000;\"><strong><br \/>\n<\/strong><\/span><\/p>\n<hr \/>\n<p style=\"text-align: center;\">Et on le sait&#8230; que vous r\u00eavez que de \u00e7a \ud83d\ude09<\/p>\n<hr \/>\n<p style=\"text-align: center;\">Vous pouvez quand m\u00eame nous laisser vos coordonn\u00e9es avec le <a href=\"http:\/\/www.leparapente.ch\/#contact\">formulaire de contact<\/a> et si un changement se profilait, nous vous en informerons au plus vite.<\/p>\n<hr \/>\n<h3 style=\"text-align: center;\"><span style=\"color: #993300;\">On pourrait t&rsquo;<\/span><span style=\"color: #993300;\">en parler<\/span> <span style=\"color: #ff6600;\">pendant des heures<\/span><span style=\"color: #ff6600;\">&#8230;<\/span><\/h3>\n<p style=\"text-align: center;\">Mais&#8230; notre film sera <span style=\"color: #993300;\">1000 fois plus parlant&#8230;<\/span> on va <span style=\"color: #ff6600;\">te faire a-do-rer !!!<\/span><\/p>\n<p style=\"text-align: center;\"><span style=\"color: #993300;\"><span style=\"color: #ff6600;\">une formation compl\u00e8te dure<\/span> entre 4 et 6 mois. <\/span><span style=\"color: #ff6600;\">Un examen th\u00e9orique,<\/span> <span style=\"color: #993300;\">50 vols minimum avec les exercices d&rsquo;examen,<\/span> <span style=\"color: #ff6600;\">un examen pratique avec un expert FSVL<\/span> <span style=\"color: #993300;\">et &#8230; voil\u00e0, ton brevet en poche tu pourras voler seul \u00a0<\/span> \ud83d\ude09<strong><br \/>\n<\/strong><\/p>\n<div style=\"width: 750px;\" class=\"wp-video\"><video class=\"wp-video-shortcode\" id=\"video-189-1\" width=\"750\" height=\"563\" poster=\"https:\/\/www.leparapente.ch\/wp-content\/uploads\/2020\/10\/13-dececolf840.jpg\" preload=\"none\" controls=\"controls\"><source type=\"video\/mp4\" src=\"https:\/\/www.leparapente.ch\/wp-content\/uploads\/2020\/10\/16-dececolf840.mp4?_=1\" \/><a href=\"https:\/\/www.leparapente.ch\/wp-content\/uploads\/2020\/10\/16-dececolf840.mp4\">https:\/\/www.leparapente.ch\/wp-content\/uploads\/2020\/10\/16-dececolf840.mp4<\/a><\/video><\/div>\n<p>&nbsp;<\/p>\n<h3 style=\"text-align: center;\"><span style=\"color: #ff6600;\"><strong><\/strong><\/span><\/h3>\n<hr \/>\n<h3 style=\"text-align: center;\"><span style=\"color: #993300;\">On parle de nous sur la RTS !!!<\/span><\/h3>\n<div style=\"width: 750px;\" class=\"wp-video\"><video class=\"wp-video-shortcode\" id=\"video-189-2\" width=\"750\" height=\"422\" preload=\"none\" controls=\"controls\"><source type=\"video\/mp4\" src=\"https:\/\/www.leparapente.ch\/wp-content\/uploads\/2020\/10\/16-tj_midi_08252009-501k.mp4?_=2\" \/><a href=\"https:\/\/www.leparapente.ch\/wp-content\/uploads\/2020\/10\/16-tj_midi_08252009-501k.mp4\">https:\/\/www.leparapente.ch\/wp-content\/uploads\/2020\/10\/16-tj_midi_08252009-501k.mp4<\/a><\/video><\/div>\n<p style=\"text-align: center;\"><span style=\"color: #993300;\">Merci \u00e0 Catherine Sommer qui pr\u00e9sente un reportage de Julien Hostettler.<\/span><\/p>\n<hr \/>\n<p style=\"text-align: center;\"><span style=\"font-size: 24pt;\"><span style=\"color: #ff6600;\">Comme ta curiosit\u00e9 n&rsquo;a pas d&rsquo;\u00e9gal,<br \/>\nvoici dans les grandes lignes<br \/>\ncomment doit se passer une bonne formation !<\/span><\/span><\/p>\n<p style=\"text-align: center;\"><strong><span style=\"color: #993300;\">3 Stages, pour TROIS niveaux<\/span><\/strong><\/p>\n<p style=\"text-align: center;\"><strong><span style=\"color: #993300;\"><span style=\"color: #ff6600;\">Plus, <\/span><\/span><\/strong><span style=\"color: #993300;\"><span style=\"color: #ff6600;\">deux examens aupr\u00e8s de la FSVL, un th\u00e9orique et l&rsquo;autre pratique !<\/span><\/span><\/p>\n<hr \/>\n<p>&nbsp;<\/p>\n","protected":false},"excerpt":{"rendered":"<p>2025, pour l&rsquo;instant, nous ne pourrons\u00a0 pas faire d&rsquo;\u00e9colage, h\u00e9las ! si jamais, on r\u00e9pond aux emails \ud83d\ude09 Et on le sait&#8230; que vous r\u00eavez que de \u00e7a \ud83d\ude09 Vous pouvez quand m\u00eame nous laisser vos coordonn\u00e9es avec le formulaire de contact et si un changement se profilait, nous vous [&hellip;]<\/p>\n","protected":false},"author":1,"featured_media":179,"parent":0,"menu_order":0,"comment_status":"closed","ping_status":"closed","template":"","meta":{"footnotes":""},"class_list":["post-189","page","type-page","status-publish","has-post-thumbnail","hentry"],"_links":{"self":[{"href":"https:\/\/leparapente.ch\/index.php\/wp-json\/wp\/v2\/pages\/189","targetHints":{"allow":["GET"]}}],"collection":[{"href":"https:\/\/leparapente.ch\/index.php\/wp-json\/wp\/v2\/pages"}],"about":[{"href":"https:\/\/leparapente.ch\/index.php\/wp-json\/wp\/v2\/types\/page"}],"author":[{"embeddable":true,"href":"https:\/\/leparapente.ch\/index.php\/wp-json\/wp\/v2\/users\/1"}],"replies":[{"embeddable":true,"href":"https:\/\/leparapente.ch\/index.php\/wp-json\/wp\/v2\/comments?post=189"}],"version-history":[{"count":40,"href":"https:\/\/leparapente.ch\/index.php\/wp-json\/wp\/v2\/pages\/189\/revisions"}],"predecessor-version":[{"id":1130,"href":"https:\/\/leparapente.ch\/index.php\/wp-json\/wp\/v2\/pages\/189\/revisions\/1130"}],"wp:featuredmedia":[{"embeddable":true,"href":"https:\/\/leparapente.ch\/index.php\/wp-json\/wp\/v2\/media\/179"}],"wp:attachment":[{"href":"https:\/\/leparapente.ch\/index.php\/wp-json\/wp\/v2\/media?parent=189"}],"curies":[{"name":"wp","href":"https:\/\/api.w.org\/{rel}","templated":true}]}}