{"id":390,"date":"2020-10-31T11:35:09","date_gmt":"2020-10-31T10:35:09","guid":{"rendered":"https:\/\/www2.leparapente.ch\/?page_id=390"},"modified":"2020-11-15T20:35:35","modified_gmt":"2020-11-15T19:35:35","slug":"sites-de-parapente-pres-de-chez-nous","status":"publish","type":"page","link":"https:\/\/leparapente.ch\/index.php\/sites-de-parapente-pres-de-chez-nous\/","title":{"rendered":"Sites de parapente pr\u00e8s de chez nous&#8230; avec les d\u00e9collages, class\u00e9s par orientation !"},"content":{"rendered":"<p style=\"text-align: center;\"><span style=\"color: #993300;\">Attention, ces indications <span style=\"color: #ff6600;\">ne sont en rien officielles.<\/span><br \/>\nElles ne peuvent donner lieu \u00e0 une quelconque responsabilit\u00e9 !<\/span><\/p>\n<p style=\"text-align: center;\"><span style=\"color: #ff6600;\"><a style=\"color: #ff6600;\" href=\"http:\/\/www.leparapente.ch\/bibliotheque\/regles-de-la-region\/\">Cliquez ici pour voir les r\u00e8gles de l&rsquo;espace a\u00e9rien dans notre r\u00e9gion.<\/a><\/span><strong><span style=\"color: #ff6600;\"><br \/>\n<\/span><\/strong><\/p>\n<p style=\"text-align: center;\"><strong><span style=\"color: #993300;\">Plus bas, vous trouverez les chartes \u00e9cologiques et les num\u00e9ros des balises<\/span><\/strong><\/p>\n<table class=\"table-condensed table-hover table-bordered table-striped\" style=\"width: 100%; height: 2243px;\" border=\"0\">\n<tbody>\n<tr style=\"height: 29px;\">\n<td style=\"text-align: left; height: 29px;\" width=\"145\" height=\"20\"><strong>D\u00e9collages<\/strong><\/td>\n<td style=\"text-align: center; height: 29px;\" width=\"85\"><strong>Alt.<\/strong><\/td>\n<td style=\"text-align: center; height: 29px;\" width=\"77\"><strong>Orient.<\/strong><\/td>\n<td style=\"text-align: center; height: 29px;\" width=\"119\"><strong>Atterro<\/strong><\/td>\n<td style=\"text-align: center; height: 29px;\" width=\"102\"><strong>Alt.<\/strong><\/td>\n<td style=\"text-align: center; height: 29px;\" width=\"399\"><strong>Remarques<\/strong><\/td>\n<\/tr>\n<tr style=\"height: 29px;\">\n<td colspan=\"6\" style=\"height: 29px;\" height=\"20\"><span style=\"color: #993300;\"><strong>Sites Nord<\/strong><\/span><\/td>\n<\/tr>\n<tr style=\"height: 58px;\">\n<td style=\"text-align: right; height: 58px;\" height=\"20\">Chez Basuel N<\/td>\n<td style=\"height: 58px;\" align=\"right\">940<\/td>\n<td style=\"height: 58px;\">Nord<\/td>\n<td style=\"height: 58px;\">Saint-Ursanne<\/td>\n<td style=\"height: 58px;\">438<\/td>\n<td style=\"height: 58px;\">Avec un peu de vent et de soleil<\/td>\n<\/tr>\n<tr style=\"height: 116px;\">\n<td style=\"text-align: right; height: 116px;\" height=\"20\">Derri\u00e8re Ch\u00e2teau<\/td>\n<td style=\"height: 116px;\" align=\"right\">1026<\/td>\n<td style=\"height: 116px;\">Nord<\/td>\n<td style=\"height: 116px;\">Courfaivre<\/td>\n<td style=\"height: 116px;\">518<\/td>\n<td style=\"height: 116px;\">Attention \u00e0 la ligne \u00e0 haute tension et aux rouleaux entre les mamelons \u00e0 la sortie<\/td>\n<\/tr>\n<tr style=\"height: 29px;\">\n<td style=\"text-align: right; height: 29px;\" height=\"20\">Graitery<\/td>\n<td style=\"height: 29px;\" align=\"right\">1200<\/td>\n<td style=\"height: 29px;\">Nord<\/td>\n<td style=\"height: 29px;\">Moutier<\/td>\n<td style=\"height: 29px;\">601<\/td>\n<td style=\"height: 29px;\">Par vent mod\u00e9r\u00e9<\/td>\n<\/tr>\n<tr style=\"height: 29px;\">\n<td style=\"text-align: right; height: 29px;\" height=\"20\">Montoz Nord<\/td>\n<td style=\"height: 29px;\" align=\"right\">1250<\/td>\n<td style=\"height: 29px;\">Nord<\/td>\n<td style=\"height: 29px;\">Tavannes<\/td>\n<td style=\"height: 29px;\">850<\/td>\n<td style=\"height: 29px;\">Pas par vent fort<\/td>\n<\/tr>\n<tr style=\"height: 20px;\">\n<td style=\"height: 20px;\" height=\"20\"><\/td>\n<td style=\"height: 20px;\"><\/td>\n<td style=\"height: 20px;\"><\/td>\n<td style=\"height: 20px;\"><\/td>\n<td style=\"height: 20px;\"><\/td>\n<td style=\"height: 20px;\"><\/td>\n<\/tr>\n<tr style=\"height: 29px;\">\n<td colspan=\"6\" style=\"height: 29px;\" height=\"20\"><span style=\"color: #ff6600;\"><strong>Sites Nord, Nord-Ouest<\/strong><\/span><\/td>\n<\/tr>\n<tr style=\"height: 58px;\">\n<td style=\"text-align: right; height: 58px;\" height=\"20\">Montgremay<\/td>\n<td style=\"height: 58px;\" align=\"right\">923<\/td>\n<td style=\"height: 58px;\">Nord, N-O<\/td>\n<td style=\"height: 58px;\">La Tiau, Cornol<\/td>\n<td style=\"height: 58px;\">608<\/td>\n<td style=\"height: 58px;\">Eviter par vent N-E<\/td>\n<\/tr>\n<tr style=\"height: 58px;\">\n<td style=\"text-align: right; height: 58px;\" height=\"20\">Montpalais<\/td>\n<td style=\"height: 58px;\" align=\"right\">847<\/td>\n<td style=\"height: 58px;\">Nord, N-O<\/td>\n<td style=\"height: 58px;\">Ocourt<\/td>\n<td style=\"height: 58px;\">423<\/td>\n<td style=\"height: 58px;\">L\u00e9ger N-E attention (ligne)<\/td>\n<\/tr>\n<tr style=\"height: 58px;\">\n<td style=\"text-align: right; height: 58px;\" height=\"20\">Les Sairins<\/td>\n<td style=\"height: 58px;\" align=\"right\">1019<\/td>\n<td style=\"height: 58px;\">Nord, N-O<\/td>\n<td style=\"height: 58px;\">Soubey<\/td>\n<td style=\"height: 58px;\">478<\/td>\n<td style=\"height: 58px;\">D\u00e9collage sortie \u00e9troite, aussi N-E<\/td>\n<\/tr>\n<tr style=\"height: 232px;\">\n<td style=\"text-align: right; height: 232px;\" height=\"20\">Le Buement<\/td>\n<td style=\"height: 232px;\" align=\"right\">1356<\/td>\n<td style=\"height: 232px;\">Nord, N-O<\/td>\n<td style=\"height: 232px;\">Court<\/td>\n<td style=\"height: 232px;\">678<\/td>\n<td style=\"height: 232px;\">Plut\u00f4t par N-E<br \/>\n<strong>RESTRICTION: au mois de jin<\/strong>, il est <span style=\"color: #ff6600;\"><strong>interdit de partir \u00e0 droite<\/strong><\/span> (direction est) apr\u00e8s le d\u00e9collage et de survoler cette zone (le grand t\u00e9tras, la saison des amours)<\/td>\n<\/tr>\n<tr style=\"height: 58px;\">\n<td style=\"text-align: right; height: 58px;\" height=\"20\">Maljonc<\/td>\n<td style=\"height: 58px;\" align=\"right\">1256<\/td>\n<td style=\"height: 58px;\">Nord-Ouest<\/td>\n<td style=\"height: 58px;\">Corcelles<\/td>\n<td style=\"height: 58px;\">660<\/td>\n<td style=\"height: 58px;\">Pas sans vent<\/td>\n<\/tr>\n<tr style=\"height: 20px;\">\n<td style=\"height: 20px;\" height=\"20\"><\/td>\n<td style=\"height: 20px;\"><\/td>\n<td style=\"height: 20px;\"><\/td>\n<td style=\"height: 20px;\"><\/td>\n<td style=\"height: 20px;\"><\/td>\n<td style=\"height: 20px;\"><\/td>\n<\/tr>\n<tr style=\"height: 29px;\">\n<td colspan=\"6\" style=\"height: 29px;\" height=\"20\"><span style=\"color: #993300;\"><strong>Sites Ouest<\/strong><\/span><\/td>\n<\/tr>\n<tr style=\"height: 58px;\">\n<td style=\"text-align: right; height: 58px;\" height=\"20\">Monc\u00e9 (Mervelier)<\/td>\n<td style=\"height: 58px;\" align=\"right\">740<\/td>\n<td style=\"height: 58px;\">Ouest, N-O<\/td>\n<td style=\"height: 58px;\">Mervelier<\/td>\n<td style=\"height: 58px;\">556<\/td>\n<td style=\"height: 58px;\">Eviter par S-O (ligne)<\/td>\n<\/tr>\n<tr style=\"height: 58px;\">\n<td style=\"text-align: right; height: 58px;\" height=\"20\">Basuel<\/td>\n<td style=\"height: 58px;\" align=\"right\">898<\/td>\n<td style=\"height: 58px;\">Ouest, N-O<\/td>\n<td style=\"height: 58px;\">Saint-Ursanne<\/td>\n<td style=\"height: 58px;\">438<\/td>\n<td style=\"height: 58px;\">Ev. par l\u00e9ger S-SO<\/td>\n<\/tr>\n<tr style=\"height: 116px;\">\n<td style=\"text-align: right; height: 116px;\" height=\"20\">Basuel<\/td>\n<td style=\"height: 116px;\" align=\"right\">898<\/td>\n<td style=\"height: 116px;\">Ouest, N-O<\/td>\n<td style=\"height: 116px;\">Montmelon<\/td>\n<td style=\"height: 116px;\">638<\/td>\n<td style=\"height: 116px;\">Si \u00e7a ne passe pas sur Saint-Ursanne, \u00e0 \u00e9viter par respect pour l&rsquo;agriculteur<\/td>\n<\/tr>\n<tr style=\"height: 20px;\">\n<td style=\"height: 20px;\" height=\"20\"><\/td>\n<td style=\"height: 20px;\"><\/td>\n<td style=\"height: 20px;\"><\/td>\n<td style=\"height: 20px;\"><\/td>\n<td style=\"height: 20px;\"><\/td>\n<td style=\"height: 20px;\"><\/td>\n<\/tr>\n<tr style=\"height: 29px;\">\n<td colspan=\"6\" style=\"height: 29px;\" height=\"20\"><span style=\"color: #ff6600;\"><strong>Sites Est<\/strong><\/span><\/td>\n<\/tr>\n<tr style=\"height: 58px;\">\n<td style=\"text-align: right; height: 58px;\" height=\"20\">L\u2019Ordon<\/td>\n<td style=\"height: 58px;\" align=\"right\">947<\/td>\n<td style=\"height: 58px;\">Nord-Est<\/td>\n<td style=\"height: 58px;\">Bo\u00e9court<\/td>\n<td style=\"height: 58px;\">558<\/td>\n<td style=\"height: 58px;\">Aussi par l\u00e9ger S-E<\/td>\n<\/tr>\n<tr style=\"height: 20px;\">\n<td style=\"height: 20px;\" height=\"20\"><\/td>\n<td style=\"height: 20px;\"><\/td>\n<td style=\"height: 20px;\"><\/td>\n<td style=\"height: 20px;\"><\/td>\n<td style=\"height: 20px;\"><\/td>\n<td style=\"height: 20px;\"><\/td>\n<\/tr>\n<tr style=\"height: 29px;\">\n<td colspan=\"6\" style=\"height: 29px;\" height=\"20\"><span style=\"color: #993300;\"><strong>Sites Sud-Ouest<\/strong><\/span><\/td>\n<\/tr>\n<tr style=\"height: 58px;\">\n<td style=\"text-align: right; height: 58px;\" height=\"20\">Machine \u00e0 coudre<\/td>\n<td style=\"height: 58px;\" align=\"right\">843<\/td>\n<td style=\"height: 58px;\">Sud-Ouest<\/td>\n<td style=\"height: 58px;\">Montsevelier<\/td>\n<td style=\"height: 58px;\">584<\/td>\n<td style=\"height: 58px;\"><\/td>\n<\/tr>\n<tr style=\"height: 58px;\">\n<td style=\"text-align: right; height: 58px;\" height=\"20\">Outremont<\/td>\n<td style=\"height: 58px;\" align=\"right\">843<\/td>\n<td style=\"height: 58px;\">Sud-Ouest<\/td>\n<td style=\"height: 58px;\">Saint-Ursanne<\/td>\n<td style=\"height: 58px;\">438<\/td>\n<td style=\"height: 58px;\">Ev. par l\u00e9ger S-E<\/td>\n<\/tr>\n<tr style=\"height: 20px;\">\n<td style=\"height: 20px;\" height=\"20\"><\/td>\n<td style=\"height: 20px;\"><\/td>\n<td style=\"height: 20px;\"><\/td>\n<td style=\"height: 20px;\"><\/td>\n<td style=\"height: 20px;\"><\/td>\n<td style=\"height: 20px;\"><\/td>\n<\/tr>\n<tr style=\"height: 29px;\">\n<td colspan=\"6\" style=\"height: 29px;\" height=\"20\"><span style=\"color: #ff6600;\"><strong>Sites Sud<\/strong><\/span><\/td>\n<\/tr>\n<tr style=\"height: 58px;\">\n<td style=\"text-align: right; height: 58px;\" height=\"20\">M\u00e9tairie de Soulce<\/td>\n<td style=\"height: 58px;\" align=\"right\">1018<\/td>\n<td style=\"height: 58px;\">Sud, S-O<\/td>\n<td style=\"height: 58px;\">Soulce<\/td>\n<td style=\"height: 58px;\">646<\/td>\n<td style=\"height: 58px;\">Eviter par trop de vent<\/td>\n<\/tr>\n<tr style=\"height: 29px;\">\n<td style=\"text-align: right; height: 29px;\" height=\"20\">Pierreberg<\/td>\n<td style=\"height: 29px;\" align=\"right\">787<\/td>\n<td style=\"height: 29px;\">Sud<\/td>\n<td style=\"height: 29px;\">Courcelon<\/td>\n<td style=\"height: 29px;\">460<\/td>\n<td style=\"height: 29px;\">D\u00e9c. type falaise<\/td>\n<\/tr>\n<tr style=\"height: 174px;\">\n<td style=\"text-align: right; height: 174px;\" height=\"20\">La Combe aux Geais<br \/>\n(Raimeux Sud)<\/td>\n<td style=\"height: 174px;\" align=\"right\">1098<\/td>\n<td style=\"height: 174px;\">Sud<\/td>\n<td style=\"height: 174px;\">Eschert ou Grandval<\/td>\n<td style=\"height: 174px;\">573 ou 644<\/td>\n<td style=\"height: 174px;\">Attention d\u00e9co thermique puissant au printemps, pour brevet\u00e9 aguerri<br \/>\n<strong>RESTRICTION: interdit en septembre !<br \/>\n<\/strong><\/td>\n<\/tr>\n<tr style=\"height: 58px;\">\n<td style=\"text-align: right; height: 58px;\" height=\"20\">Montagne de Moutier<\/td>\n<td style=\"height: 58px;\" align=\"right\">1080<\/td>\n<td style=\"height: 58px;\">Sud-Ouest<\/td>\n<td style=\"height: 58px;\">Moutier<\/td>\n<td style=\"height: 58px;\">667<\/td>\n<td style=\"height: 58px;\">Dangereux en S-E<\/td>\n<\/tr>\n<tr style=\"height: 58px;\">\n<td style=\"text-align: right; height: 58px;\" height=\"20\">C\u00f4te \u00e0 B\u00e9pierre<\/td>\n<td style=\"height: 58px;\" align=\"right\">830<\/td>\n<td style=\"height: 58px;\">Sud<\/td>\n<td style=\"height: 58px;\">Del\u00e9mont<\/td>\n<td style=\"height: 58px;\">471<\/td>\n<td style=\"height: 58px;\">Pas en S-E, pas pour des \u00e9l\u00e8ves<\/td>\n<\/tr>\n<tr style=\"height: 58px;\">\n<td style=\"text-align: right; height: 58px;\" height=\"20\">Montoz Sud<\/td>\n<td style=\"height: 58px;\" align=\"right\">1250<\/td>\n<td style=\"height: 58px;\">Sud<\/td>\n<td style=\"height: 58px;\">La Heutte<\/td>\n<td style=\"height: 58px;\">626<\/td>\n<td style=\"height: 58px;\">Attention si de l\u2019ouest rentre<\/td>\n<\/tr>\n<tr style=\"height: 58px;\">\n<td style=\"text-align: right; height: 58px;\" height=\"20\">Col de la Croix<\/td>\n<td style=\"height: 58px;\" align=\"right\">804<\/td>\n<td style=\"height: 58px;\">Sud<\/td>\n<td style=\"height: 58px;\">Saint-Ursanne O<\/td>\n<td style=\"height: 58px;\">438<\/td>\n<td style=\"height: 58px;\">Attention \u00e0 la hauteur des arbres<\/td>\n<\/tr>\n<tr style=\"height: 345px;\">\n<td style=\"text-align: right; height: 345px;\" height=\"20\">Moron<br \/>\n(Rochers Loveresse)<\/td>\n<td style=\"height: 345px;\" align=\"right\"><\/td>\n<td style=\"height: 345px;\"><\/td>\n<td style=\"height: 345px;\"><\/td>\n<td style=\"height: 345px;\"><\/td>\n<td style=\"height: 345px;\">D\u00e9collage technique (court et falaises)<\/p>\n<p><strong>RESTRICTION: au mois de juin<\/strong>, il est interdit de partir \u00e0 gauche (\u00e0 l&rsquo;est) apr\u00e8s avoir d\u00e9coll\u00e9 des Rochers de Loveresse (Moron) et de survoler les falaises o\u00f9 niche un couple de faucons.<\/td>\n<\/tr>\n<\/tbody>\n<\/table>\n<p>&nbsp;<\/p>\n<h3 style=\"text-align: center;\"><span style=\"color: #993300;\">Num\u00e9ros des balises sur nos montagnes&#8230;<\/span><\/h3>\n<p style=\"text-align: center;\">+41 (0)79 388 10 23 &#8211; \u00e0 <span style=\"color: #ff6600;\"><strong>LA CAQUERELLE <\/strong><\/span>(sur Les Rangiers)<br \/>\n-&gt; ajoutez + 10km\/h si c&rsquo;est Ouest !!!<\/p>\n<p style=\"text-align: center;\">+41 (0)79 626 55 19 &#8211; au Mont au d\u00e9co de <span style=\"color: #ff6600;\"><strong>COURFAIVRE<\/strong><\/span><del><br \/>\n<\/del><\/p>\n<p style=\"text-align: center;\">+41 (0)79 382 36 34 &#8211; au d\u00e9co de <span style=\"color: #ff6600;\"><strong>MERVELIER<\/strong><\/span><\/p>\n<p style=\"text-align: center;\"><strong><span style=\"color: #993300;\">Num\u00e9ro et Fr\u00e9quence radio de la TMA de B\u00e2le &#8211; Mulhouse<\/span><\/strong><\/p>\n<p style=\"text-align: center;\">&#8211;&gt;\u00a0 061 325 34 67<br \/>\n&#8211;&gt; 134.6725 MHz<\/p>\n<hr \/>\n<h3 style=\"text-align: center;\"><span style=\"color: #ff6600;\">Les bases de l&rsquo;espace a\u00e9rien, avec les distances par rapport aux nuages&#8230;<\/span><\/h3>\n<p style=\"text-align: center;\"><strong><span style=\"color: #ff0000;\">ATTENTION espace G divis\u00e9 en 2 x 300m depuis 2018, pour la distance aux nuages !<br \/>\n<\/span><\/strong><\/p>\n<p style=\"text-align: left;\"><img loading=\"lazy\" decoding=\"async\" src=\"https:\/\/www.leparapente.ch\/wp-content\/uploads\/2020\/10\/13Zonedevol-1024x588-1.png\" alt=\"\" class=\"wp-image-396 size-full aligncenter\" width=\"1024\" height=\"588\" srcset=\"https:\/\/leparapente.ch\/wp-content\/uploads\/2020\/10\/13Zonedevol-1024x588-1.png 1024w, https:\/\/leparapente.ch\/wp-content\/uploads\/2020\/10\/13Zonedevol-1024x588-1-300x172.png 300w, https:\/\/leparapente.ch\/wp-content\/uploads\/2020\/10\/13Zonedevol-1024x588-1-768x441.png 768w\" sizes=\"auto, (max-width: 1024px) 100vw, 1024px\" \/><\/p>\n<hr \/>\n<h3 style=\"text-align: center;\"><span style=\"color: #ff6600;\">Notre terrain de jeu&#8230;<\/span><\/h3>\n<h3><span style=\"font-size: 18pt;\"><span style=\"color: #993300;\">Distances aux nuages&#8230;<\/span><\/span><\/h3>\n<div id=\"attachment_6876\" style=\"width: 179px\" class=\"wp-caption alignright\"><a href=\"https:\/\/www.leparapente.ch\/wp-content\/uploads\/2020\/10\/16-gldc-jura-052016.pdf\" target=\"_blank\" rel=\"noopener noreferrer\"><img loading=\"lazy\" decoding=\"async\" aria-describedby=\"caption-attachment-6876\" class=\"wp-image-6876\" src=\"https:\/\/www.leparapente.ch\/wp-content\/uploads\/2020\/10\/16-gldc-jura-052016.png\" alt=\"\" width=\"169\" height=\"239\" \/><\/a><p id=\"caption-attachment-6876\" class=\"wp-caption-text\"><span style=\"font-size: 10pt;\">Version Juin 2016 -&gt; attention aux changements espace G depuis 2018<\/span><\/p><\/div>\n<h3><span style=\"font-size: 18pt;\"><span style=\"color: #993300;\"><br \/>\n<\/span><span style=\"color: #ff6600;\">Zone de vol \u00e0 voile &#8211; LS-R&#8230;<br \/>\n<\/span><span style=\"color: #993300;\">Espaces a\u00e9riens&#8230;.<\/span><\/span><br \/>\n<span style=\"color: #ff6600; font-size: 18pt;\">pour le Jura, tout est ici !<\/span><\/h3>\n<p>&nbsp;<\/p>\n<p><strong><span style=\"color: #ff6600;\">\u00a0<\/span><\/strong><\/p>\n<p>&nbsp;<\/p>\n<p><strong><span style=\"color: #993300;\">\u00c0 imprimer,<\/span> <span style=\"color: #ff6600;\">\u00e0 plier en deux,<\/span><\/strong> \u00e0 plastifier&#8230; et&#8230; <span style=\"color: #993300; font-size: 14pt;\"><strong>\u00e0 mettre ABSOLUMENT dans ta sellette \ud83d\ude09<\/strong><\/span><\/p>\n<p>&nbsp;<\/p>\n<hr \/>\n<h3><span style=\"color: #993300;\">R\u00e9glementation Jura\/Jura Bernois<br \/>\n<\/span><span style=\"color: #ff6600;\">Vall\u00e9e de Del\u00e9mont et environs&#8230;<\/span> <a href=\"https:\/\/www.leparapente.ch\/wp-content\/uploads\/2020\/10\/13-tafel_tma_basel_fr.pdf\" target=\"_blank\" rel=\"noopener noreferrer\"><img loading=\"lazy\" decoding=\"async\" class=\"alignright size-medium wp-image-790\" src=\"https:\/\/www.leparapente.ch\/wp-content\/uploads\/2020\/10\/13-tafel_tma_basel_fr-206x300-1.png\" alt=\"13-tafel_tma_basel_fr\" width=\"206\" height=\"300\" \/><\/a><\/h3>\n<p>Voici <strong>la carte<\/strong> que nous diffusons actuellement massivement avec le club local &#8211; <strong><span style=\"color: #ff6600;\"><a style=\"color: #ff6600;\" href=\"http:\/\/www.vollibrejura.ch\" target=\"_blank\" rel=\"noopener noreferrer\">Vol Libre Jura <\/a><\/span><\/strong>&#8211; pour savoir o\u00f9 voler, mais aussi pour <strong>savoir ce qu&rsquo;il faut faire dans le ciel avec les avions en approche de B\u00e2le.<\/strong><\/p>\n<p><strong>Attention \u00e0 l&rsquo;approche des avions par le Sud<\/strong>, la nouvelle organisation de la carte de vol \u00e0 voile <strong>GLDC<\/strong> en rapport avec les a\u00e9roports nous oblige \u00e0 bien regarder la carte de vol \u00e0 voile GLDC <strong>et ses compl\u00e9ments&#8230; et \u00e0 la comprendre&#8230;<\/strong><\/p>\n<hr \/>\n<p style=\"text-align: center;\"><span style=\"font-size: 18pt;\"><strong><span style=\"color: #ff6600;\"><a style=\"color: #ff6600;\" href=\"https:\/\/www.leparapente.ch\/wp-content\/uploads\/2020\/11\/13-ils34_info_01.pdf\" target=\"_blank\" rel=\"noopener noreferrer\">Compl\u00e9ment de l&rsquo;OFAC<br \/>\nen cliquant ici<br \/>\navec no de t\u00e9l\u00e9phone et fr\u00e9quence radio<\/a><\/span><\/strong><\/span><\/p>\n<hr \/>\n<p style=\"text-align: center;\"><span style=\"text-decoration: underline; font-size: 14pt;\"><strong><span style=\"color: #ff0000; text-decoration: underline;\"><span style=\"font-size: 18pt; color: #993300; text-decoration: underline;\">Attention !<\/span><br \/>\n<\/span><\/strong><\/span><\/p>\n<p style=\"text-align: center;\">durant <span style=\"color: #993300;\"><strong>tout le mois de <span style=\"font-size: 14pt;\">septembre<\/span>&#8230;<br \/>\n<\/strong><\/span><strong> il est <span style=\"color: #ff6600;\">interdit de voler \u00e0 la Combe aux Geais, Raimeux sud<\/span><\/strong> (dans la vall\u00e9e de Moutier).<\/p>\n<p style=\"text-align: center;\">durant <span style=\"color: #993300;\"><strong>tout le mois de <span style=\"font-size: 14pt;\">juin<\/span>&#8230;<br \/>\n<\/strong><\/span><strong>il est <span style=\"color: #ff6600;\">interdit de voler <span style=\"text-decoration: underline;\">\u00e0 droite en d\u00e9collant \u00e0 Court<\/span>, Montoz <\/span><\/strong>(dans la vall\u00e9e de Tavannes\/Reconvilier).<strong><br \/>\n<\/strong><\/p>\n<hr \/>\n<h3 style=\"text-align: left;\"><span style=\"color: #993300;\">Charte environnementale<br \/>\ndu Club Vol Libre Jura<\/span> <a href=\"https:\/\/www.leparapente.ch\/wp-content\/uploads\/2020\/10\/13-charte_vol_libre_2006.pdf\" target=\"_blank\" rel=\"noopener noreferrer\"><img loading=\"lazy\" decoding=\"async\" class=\"alignright size-medium wp-image-793\" src=\"https:\/\/www.leparapente.ch\/wp-content\/uploads\/2020\/10\/13-charte_vol_libre_2006-211x300-1.png\" alt=\"13-charte_vol_libre_2006\" width=\"211\" height=\"300\" \/><\/a><\/h3>\n<p>En notre qualit\u00e9 d&rsquo;utilisateurs des espaces naturels, <strong>nous connaissons les impacts de <\/strong><strong>nos activit\u00e9s sur l&rsquo;environnement.<\/strong><\/p>\n<p>Nous acceptons de pratiquer notre sport de mani\u00e8re \u00e0<strong> limiter les atteintes<\/strong> \u00e0 la flore, \u00e0 la faune et aux paysages.<\/p>\n<hr \/>\n<p style=\"text-align: center;\"><a href=\"https:\/\/vollibrejura.ch\/?page_id=135\" target=\"_blank\" rel=\"noopener noreferrer\"><span style=\"color: #3366ff;\">Pour les informations \u00e0 jour,<br \/>\nmerci de consulter le site du<br \/>\n<strong>Club Vol Libre Jura<\/strong><\/span><\/a><\/p>\n<p><a href=\"https:\/\/vollibrejura.ch\/?page_id=135\" target=\"_blank\" rel=\"noopener noreferrer\"><img loading=\"lazy\" decoding=\"async\" src=\"https:\/\/www.leparapente.ch\/wp-content\/uploads\/2020\/10\/CVLJ.png\" alt=\"\" class=\"alignnone wp-image-421 aligncenter\" width=\"133\" height=\"133\" srcset=\"https:\/\/leparapente.ch\/wp-content\/uploads\/2020\/10\/CVLJ.png 238w, https:\/\/leparapente.ch\/wp-content\/uploads\/2020\/10\/CVLJ-150x150.png 150w\" sizes=\"auto, (max-width: 133px) 100vw, 133px\" \/><\/a><\/p>\n","protected":false},"excerpt":{"rendered":"<p>Attention, ces indications ne sont en rien officielles. Elles ne peuvent donner lieu \u00e0 une quelconque responsabilit\u00e9 ! Cliquez ici pour voir les r\u00e8gles de l&rsquo;espace a\u00e9rien dans notre r\u00e9gion. Plus bas, vous trouverez les chartes \u00e9cologiques et les num\u00e9ros des balises D\u00e9collages Alt. Orient. Atterro Alt. Remarques Sites Nord [&hellip;]<\/p>\n","protected":false},"author":1,"featured_media":394,"parent":0,"menu_order":0,"comment_status":"closed","ping_status":"closed","template":"","meta":{"footnotes":""},"class_list":["post-390","page","type-page","status-publish","has-post-thumbnail","hentry"],"_links":{"self":[{"href":"https:\/\/leparapente.ch\/index.php\/wp-json\/wp\/v2\/pages\/390","targetHints":{"allow":["GET"]}}],"collection":[{"href":"https:\/\/leparapente.ch\/index.php\/wp-json\/wp\/v2\/pages"}],"about":[{"href":"https:\/\/leparapente.ch\/index.php\/wp-json\/wp\/v2\/types\/page"}],"author":[{"embeddable":true,"href":"https:\/\/leparapente.ch\/index.php\/wp-json\/wp\/v2\/users\/1"}],"replies":[{"embeddable":true,"href":"https:\/\/leparapente.ch\/index.php\/wp-json\/wp\/v2\/comments?post=390"}],"version-history":[{"count":36,"href":"https:\/\/leparapente.ch\/index.php\/wp-json\/wp\/v2\/pages\/390\/revisions"}],"predecessor-version":[{"id":674,"href":"https:\/\/leparapente.ch\/index.php\/wp-json\/wp\/v2\/pages\/390\/revisions\/674"}],"wp:featuredmedia":[{"embeddable":true,"href":"https:\/\/leparapente.ch\/index.php\/wp-json\/wp\/v2\/media\/394"}],"wp:attachment":[{"href":"https:\/\/leparapente.ch\/index.php\/wp-json\/wp\/v2\/media?parent=390"}],"curies":[{"name":"wp","href":"https:\/\/api.w.org\/{rel}","templated":true}]}}